{"version":"1.0","provider_name":"Turnverein Schweinheim","provider_url":"https:\/\/www.tv-schweinheim.de\/wp","author_name":"TV Schweinheim","author_url":"https:\/\/www.tv-schweinheim.de\/wp\/author\/superuser\/","title":"Fu\u00dfballjugend \u2013 Die Schwoijer! - Turnverein Schweinheim","type":"rich","width":600,"height":338,"html":"<blockquote class=\"wp-embedded-content\" data-secret=\"SkNUDxuhct\"><a href=\"https:\/\/www.tv-schweinheim.de\/wp\/2024\/05\/02\/fussballjugend-die-schwoijer-31\/\">Fu\u00dfballjugend \u2013 Die Schwoijer!<\/a><\/blockquote><iframe sandbox=\"allow-scripts\" security=\"restricted\" src=\"https:\/\/www.tv-schweinheim.de\/wp\/2024\/05\/02\/fussballjugend-die-schwoijer-31\/embed\/#?secret=SkNUDxuhct\" width=\"600\" height=\"338\" title=\"&#8222;Fu\u00dfballjugend \u2013 Die Schwoijer!&#8220; &#8211; Turnverein Schweinheim\" data-secret=\"SkNUDxuhct\" frameborder=\"0\" marginwidth=\"0\" marginheight=\"0\" scrolling=\"no\" class=\"wp-embedded-content\"><\/iframe><script>\n\/*! This file is auto-generated *\/\n!function(d,l){\"use strict\";l.querySelector&&d.addEventListener&&\"undefined\"!=typeof URL&&(d.wp=d.wp||{},d.wp.receiveEmbedMessage||(d.wp.receiveEmbedMessage=function(e){var t=e.data;if((t||t.secret||t.message||t.value)&&!\/[^a-zA-Z0-9]\/.test(t.secret)){for(var s,r,n,a=l.querySelectorAll('iframe[data-secret=\"'+t.secret+'\"]'),o=l.querySelectorAll('blockquote[data-secret=\"'+t.secret+'\"]'),c=new RegExp(\"^https?:$\",\"i\"),i=0;i<o.length;i++)o[i].style.display=\"none\";for(i=0;i<a.length;i++)s=a[i],e.source===s.contentWindow&&(s.removeAttribute(\"style\"),\"height\"===t.message?(1e3<(r=parseInt(t.value,10))?r=1e3:~~r<200&&(r=200),s.height=r):\"link\"===t.message&&(r=new URL(s.getAttribute(\"src\")),n=new URL(t.value),c.test(n.protocol))&&n.host===r.host&&l.activeElement===s&&(d.top.location.href=t.value))}},d.addEventListener(\"message\",d.wp.receiveEmbedMessage,!1),l.addEventListener(\"DOMContentLoaded\",function(){for(var e,t,s=l.querySelectorAll(\"iframe.wp-embedded-content\"),r=0;r<s.length;r++)(t=(e=s[r]).getAttribute(\"data-secret\"))||(t=Math.random().toString(36).substring(2,12),e.src+=\"#?secret=\"+t,e.setAttribute(\"data-secret\",t)),e.contentWindow.postMessage({message:\"ready\",secret:t},\"*\")},!1)))}(window,document);\n\/\/# sourceURL=https:\/\/www.tv-schweinheim.de\/wp\/wp-includes\/js\/wp-embed.min.js\n<\/script>\n","thumbnail_url":"https:\/\/www.tv-schweinheim.de\/wp\/wp-content\/uploads\/2024\/05\/alle-27-scaled.jpg","thumbnail_width":2560,"thumbnail_height":1310,"description":"U13 \u2013 D \u2013 Jugend:D1:Im Spiel gegen Obernau zeigte sich unser TVS wieder extrem zweikampfstark. Die Obernauer bestreiten die Saison mit einem Teil des \u00e4lteren Jahrgangs und spielen aus diesem Grund ohne Wertung. Gegen die teilweise \u00fcber einen Kopf gr\u00f6\u00dferen Jungs gaben wir alles und gingen in derzweiten H\u00e4lfte auch verdient in F\u00fchrung. Die Chancen&hellip;&nbsp;Mehr lesen &raquo;"}